{"id":6870,"date":"2022-01-28T11:50:00","date_gmt":"2022-01-28T10:50:00","guid":{"rendered":"https:\/\/fr.17egsc.weconnect.eu.com\/?page_id=6870"},"modified":"2022-02-14T12:24:25","modified_gmt":"2022-02-14T11:24:25","slug":"terms-and-conditions","status":"publish","type":"page","link":"https:\/\/fr.17egsc.weconnect.eu.com\/index.php\/terms-and-conditions\/","title":{"rendered":"Termes et conditions"},"content":{"rendered":"\t\t<div data-elementor-type=\"wp-page\" data-elementor-id=\"6870\" class=\"elementor elementor-6870\">\n\t\t\t\t\t\t\t\t\t<section class=\"elementor-section elementor-top-section elementor-element elementor-element-0873e1b elementor-section-boxed elementor-section-height-default elementor-section-height-default\" data-id=\"0873e1b\" data-element_type=\"section\">\n\t\t\t\t\t\t<div class=\"elementor-container elementor-column-gap-default\">\n\t\t\t\t\t<div class=\"elementor-column elementor-col-100 elementor-top-column elementor-element elementor-element-1322558\" data-id=\"1322558\" data-element_type=\"column\">\n\t\t\t<div class=\"elementor-widget-wrap elementor-element-populated\">\n\t\t\t\t\t\t\t\t<div class=\"elementor-element elementor-element-ed44e31 elementor-widget elementor-widget-heading\" data-id=\"ed44e31\" data-element_type=\"widget\" data-widget_type=\"heading.default\">\n\t\t\t\t<div class=\"elementor-widget-container\">\n\t\t\t<style>\/*! elementor - v3.6.7 - 03-07-2022 *\/\n.elementor-heading-title{padding:0;margin:0;line-height:1}.elementor-widget-heading .elementor-heading-title[class*=elementor-size-]>a{color:inherit;font-size:inherit;line-height:inherit}.elementor-widget-heading .elementor-heading-title.elementor-size-small{font-size:15px}.elementor-widget-heading .elementor-heading-title.elementor-size-medium{font-size:19px}.elementor-widget-heading .elementor-heading-title.elementor-size-large{font-size:29px}.elementor-widget-heading .elementor-heading-title.elementor-size-xl{font-size:39px}.elementor-widget-heading .elementor-heading-title.elementor-size-xxl{font-size:59px}<\/style><h2 class=\"elementor-heading-title elementor-size-large\">TERMES ET CONDITIONS<\/h2>\t\t<\/div>\n\t\t\t\t<\/div>\n\t\t\t\t<div class=\"elementor-element elementor-element-eeb7e2e elementor-widget elementor-widget-heading\" data-id=\"eeb7e2e\" data-element_type=\"widget\" data-widget_type=\"heading.default\">\n\t\t\t\t<div class=\"elementor-widget-container\">\n\t\t\t<h2 class=\"elementor-heading-title elementor-size-medium\">1. Objet<\/h2>\t\t<\/div>\n\t\t\t\t<\/div>\n\t\t\t\t<div class=\"elementor-element elementor-element-4832426 elementor-widget elementor-widget-text-editor\" data-id=\"4832426\" data-element_type=\"widget\" data-widget_type=\"text-editor.default\">\n\t\t\t\t<div class=\"elementor-widget-container\">\n\t\t\t<style>\/*! elementor - v3.6.7 - 03-07-2022 *\/\n.elementor-widget-text-editor.elementor-drop-cap-view-stacked .elementor-drop-cap{background-color:#818a91;color:#fff}.elementor-widget-text-editor.elementor-drop-cap-view-framed .elementor-drop-cap{color:#818a91;border:3px solid;background-color:transparent}.elementor-widget-text-editor:not(.elementor-drop-cap-view-default) .elementor-drop-cap{margin-top:8px}.elementor-widget-text-editor:not(.elementor-drop-cap-view-default) .elementor-drop-cap-letter{width:1em;height:1em}.elementor-widget-text-editor .elementor-drop-cap{float:left;text-align:center;line-height:1;font-size:50px}.elementor-widget-text-editor .elementor-drop-cap-letter{display:inline-block}<\/style>\t\t\t\t<div><p><span lang=\"fr\">Les pages suivantes contiennent nos Termes et conditions g\u00e9n\u00e9rales (\u00ab Termes \u00bb) applicables \u00e0 la 17<sup>\u00e8me<\/sup> Conf\u00e9rence Europ\u00e9enne du Guidisme, \u00e0 la 24<sup>\u00e8me<\/sup> Conf\u00e9rence Europ\u00e9enne du Scoutisme et \u00e0 la 17<sup>\u00e8me<\/sup> Conf\u00e9rence Europ\u00e9enne du Guidisme et du Scoutisme (\u00ab Conf\u00e9rences \u00bb) organis\u00e9es par Scouting Nederland, l&#8217;AMGE Europe et la R\u00e9gion Europ\u00e9enne du Scoutisme de l&#8217;OMMS li\u00e9es par un protocole d&#8217;entente sp\u00e9cifique (\u00ab Organisateurs \u00bb) en ce qui concerne l&#8217;inscription, la participation et, le cas \u00e9ch\u00e9ant, l&#8217;annulation des participants (\u00ab vous \u00bb, \u00ab votre \u00bb, \u00ab vos \u00bb) aux Conf\u00e9rences, qu&#8217;elles soient physiques ou virtuelles avec l&#8217;utilisation d&#8217;outils\/plateformes de vid\u00e9oconf\u00e9rence ou de conf\u00e9rence en ligne.<\/span><\/p><\/div>\t\t\t\t\t\t<\/div>\n\t\t\t\t<\/div>\n\t\t\t\t<div class=\"elementor-element elementor-element-e74368b elementor-widget elementor-widget-heading\" data-id=\"e74368b\" data-element_type=\"widget\" data-widget_type=\"heading.default\">\n\t\t\t\t<div class=\"elementor-widget-container\">\n\t\t\t<h2 class=\"elementor-heading-title elementor-size-medium\">2. Effet contraignant<\/h2>\t\t<\/div>\n\t\t\t\t<\/div>\n\t\t\t\t<div class=\"elementor-element elementor-element-6d3bae3 elementor-widget elementor-widget-text-editor\" data-id=\"6d3bae3\" data-element_type=\"widget\" data-widget_type=\"text-editor.default\">\n\t\t\t\t<div class=\"elementor-widget-container\">\n\t\t\t\t\t\t\t<div><p><span lang=\"fr\">Apr\u00e8s avoir envoy\u00e9 le formulaire d&#8217;inscription en ligne d\u00fbment rempli, vous \u00eates consid\u00e9r\u00e9 comme \u00ab inscrit(e) \u00bb (en attente de paiement). Veuillez noter qu&#8217;en soumettant votre inscription, vous acceptez les termes ci-pr\u00e9sents sans modification et vous concluez un contrat contraignant avec les organisateurs lorsque vous vous inscrivez aux Conf\u00e9rences.\u00a0<\/span><\/p><\/div><div><p><span lang=\"fr\">Si vous vous inscrivez aux Conf\u00e9rences au nom d&#8217;une d\u00e9l\u00e9gation, vous acceptez les conditions ci-pr\u00e9sentes au nom de l&#8217;ensemble des membres de la d\u00e9l\u00e9gation et vous confirmez que vous \u00eates habilit\u00e9 \u00e0 le faire. Dans ce cas, les termes \u00ab vous \u00bb et \u00ab votre \u00bb feront \u00e9galement r\u00e9f\u00e9rence \u00e0 la d\u00e9l\u00e9gation. Si vous ne disposez pas d&#8217;un tel pouvoir, ou si vous n&#8217;acceptez pas une quelconque partie des termes ci-pr\u00e9sents, veuillez ne pas vous inscrire aux Conf\u00e9rences.<\/span><\/p><\/div><div><p><span lang=\"fr\">En soumettant votre inscription, vous acceptez d&#8217;adh\u00e9rer aux r\u00e8gles et mesures \u00e9dict\u00e9es par le gouvernement n\u00e9erlandais concernant le COVID-19 et aux r\u00e8gles que les organisateurs \u00e9dicteront pendant les Conf\u00e9rences pour pouvoir organiser l&#8217;\u00e9v\u00e9nement conform\u00e9ment \u00e0 ces mesures. Le r\u00e8glement des Conf\u00e9rences est susceptible d&#8217;\u00eatre modifi\u00e9 peu avant ou pendant les Conf\u00e9rences en raison d&#8217;\u00e9ventuels changements dans les mesures prises par le gouvernement n\u00e9erlandais.<\/span><\/p><\/div><div><span lang=\"fr\">Si vous ne respectez pas les termes et\/ou les mesures pendant les Conf\u00e9rences et que vous persistez dans ce comportement apr\u00e8s un avertissement en bonne et due forme ou que vous risquez de causer des dommages aux organisateurs, aux participants ou \u00e0 d&#8217;autres personnes, les organisateurs se r\u00e9servent le droit de vous exclure de toute participation ult\u00e9rieure aux Conf\u00e9rences et\/ou de vous refuser l&#8217;acc\u00e8s aux locaux o\u00f9 se d\u00e9roule la Conf\u00e9rence<\/span><\/div>\t\t\t\t\t\t<\/div>\n\t\t\t\t<\/div>\n\t\t\t\t<div class=\"elementor-element elementor-element-651a269 elementor-widget elementor-widget-heading\" data-id=\"651a269\" data-element_type=\"widget\" data-widget_type=\"heading.default\">\n\t\t\t\t<div class=\"elementor-widget-container\">\n\t\t\t<h2 class=\"elementor-heading-title elementor-size-medium\">3. Langue<\/h2>\t\t<\/div>\n\t\t\t\t<\/div>\n\t\t\t\t<div class=\"elementor-element elementor-element-4f7d3ba elementor-widget elementor-widget-text-editor\" data-id=\"4f7d3ba\" data-element_type=\"widget\" data-widget_type=\"text-editor.default\">\n\t\t\t\t<div class=\"elementor-widget-container\">\n\t\t\t\t\t\t\t<div><p><span lang=\"fr\">Les organisateurs ont traduit les termes ci-pr\u00e9sents en fran\u00e7ais, deuxi\u00e8me langue officielle des R\u00e9gions. Toutefois, c&#8217;est la version en langue anglaise qui fait foi pour les termes ci-pr\u00e9sents. En cas de conflit entre la version en langue anglaise et une version traduite, la version en langue anglaise pr\u00e9vaudra.<\/span><\/p><\/div>\t\t\t\t\t\t<\/div>\n\t\t\t\t<\/div>\n\t\t\t\t<div class=\"elementor-element elementor-element-1c6c569 elementor-widget elementor-widget-heading\" data-id=\"1c6c569\" data-element_type=\"widget\" data-widget_type=\"heading.default\">\n\t\t\t\t<div class=\"elementor-widget-container\">\n\t\t\t<h2 class=\"elementor-heading-title elementor-size-medium\">4. Paiement des frais de participation<\/h2>\t\t<\/div>\n\t\t\t\t<\/div>\n\t\t\t\t<div class=\"elementor-element elementor-element-d46bdd3 elementor-widget elementor-widget-text-editor\" data-id=\"d46bdd3\" data-element_type=\"widget\" data-widget_type=\"text-editor.default\">\n\t\t\t\t<div class=\"elementor-widget-container\">\n\t\t\t\t\t\t\t<div><p><span lang=\"fr\">Si vous souhaitez assister aux Conf\u00e9rences, vous vous engagez \u00e0 payer les frais correspondants, tels que sp\u00e9cifi\u00e9s dans le syst\u00e8me d&#8217;inscription. Les frais sont pay\u00e9s selon les conditions pr\u00e9vues par le syst\u00e8me d&#8217;inscription. Le montant des frais de participation est provisoirement fix\u00e9 \u00e0 EUR 795 (soit EUR sept cent quatre-vingt-quinze) par personne.<\/span><\/p><\/div><div><p><span lang=\"fr\">Les frais de participation seront factur\u00e9s pour le nombre total de participants par d\u00e9l\u00e9gation de chaque Organisation Membre. La facture sera envoy\u00e9e \u00e0 la d\u00e9l\u00e9gation et comprendra les frais de participation de tous les participants inscrits.<\/span><\/p><\/div><div><p><span lang=\"fr\">En cas de non-paiement int\u00e9gral du montant total de la facture par une d\u00e9l\u00e9gation, les organisateurs ont le droit de refuser \u00e0 tous les participants d&#8217;une d\u00e9l\u00e9gation l&#8217;acc\u00e8s et la participation \u00e0 toutes les activit\u00e9s des Conf\u00e9rences. En cas de non-paiement partiel pour un ou plusieurs participants inscrits, les organisateurs ont le droit de refuser \u00e0 un nombre \u00e9gal de participants de la d\u00e9l\u00e9gation l&#8217;acc\u00e8s et la participation \u00e0 toutes les activit\u00e9s des Conf\u00e9rences. <\/span><\/p><\/div>\t\t\t\t\t\t<\/div>\n\t\t\t\t<\/div>\n\t\t\t\t<div class=\"elementor-element elementor-element-ad2e392 elementor-widget elementor-widget-heading\" data-id=\"ad2e392\" data-element_type=\"widget\" data-widget_type=\"heading.default\">\n\t\t\t\t<div class=\"elementor-widget-container\">\n\t\t\t<h2 class=\"elementor-heading-title elementor-size-medium\">5. Confirmation de l'inscription<\/h2>\t\t<\/div>\n\t\t\t\t<\/div>\n\t\t\t\t<div class=\"elementor-element elementor-element-b3aaea2 elementor-widget elementor-widget-text-editor\" data-id=\"b3aaea2\" data-element_type=\"widget\" data-widget_type=\"text-editor.default\">\n\t\t\t\t<div class=\"elementor-widget-container\">\n\t\t\t\t\t\t\t<div><p><span lang=\"fr\">Vous acceptez et comprenez que votre inscription aux Conf\u00e9rences est sous r\u00e9serve de notre confirmation, conform\u00e9ment aux conditions d\u00e9crites dans le syst\u00e8me d&#8217;inscription.\u00a0 <\/span><\/p><\/div>\t\t\t\t\t\t<\/div>\n\t\t\t\t<\/div>\n\t\t\t\t<div class=\"elementor-element elementor-element-863442c elementor-widget elementor-widget-heading\" data-id=\"863442c\" data-element_type=\"widget\" data-widget_type=\"heading.default\">\n\t\t\t\t<div class=\"elementor-widget-container\">\n\t\t\t<h2 class=\"elementor-heading-title elementor-size-medium\">6. Inscriptions tardives<\/h2>\t\t<\/div>\n\t\t\t\t<\/div>\n\t\t\t\t<div class=\"elementor-element elementor-element-f744fa8 elementor-widget elementor-widget-text-editor\" data-id=\"f744fa8\" data-element_type=\"widget\" data-widget_type=\"text-editor.default\">\n\t\t\t\t<div class=\"elementor-widget-container\">\n\t\t\t\t\t\t\t<div><p><span lang=\"fr\">Apr\u00e8s le 15 mai 2022, il n&#8217;est plus possible de s&#8217;inscrire aux Conf\u00e9rences. Il est toutefois possible de remplacer des participants au sein de la d\u00e9l\u00e9gation, voir section 8. <\/span><\/p><\/div>\t\t\t\t\t\t<\/div>\n\t\t\t\t<\/div>\n\t\t\t\t<div class=\"elementor-element elementor-element-fce7bfa elementor-widget elementor-widget-heading\" data-id=\"fce7bfa\" data-element_type=\"widget\" data-widget_type=\"heading.default\">\n\t\t\t\t<div class=\"elementor-widget-container\">\n\t\t\t<h2 class=\"elementor-heading-title elementor-size-medium\">7. Annulation par les organisateurs<\/h2>\t\t<\/div>\n\t\t\t\t<\/div>\n\t\t\t\t<div class=\"elementor-element elementor-element-fceaac0 elementor-widget elementor-widget-text-editor\" data-id=\"fceaac0\" data-element_type=\"widget\" data-widget_type=\"text-editor.default\">\n\t\t\t\t<div class=\"elementor-widget-container\">\n\t\t\t\t\t\t\t<div><p><span lang=\"fr\">En cas d&#8217;annulation de votre inscription et\/ou d&#8217;annulation des Conf\u00e9rences par les organisateurs, les frais de Conf\u00e9rence pay\u00e9s vous seront rembours\u00e9s en temps voulu, sous r\u00e9serve toutefois des dispositions de l&#8217;article 14. Les organisateurs effectueront ce remboursement en utilisant le m\u00eame moyen de paiement que celui que vous avez utilis\u00e9 pour la transaction initiale, sauf si vous en avez express\u00e9ment convenu autrement.\u00a0<\/span><\/p><\/div><div><p><span lang=\"fr\">Si les Conf\u00e9rences sont report\u00e9es ou annul\u00e9es, les organisateurs ne sont pas responsables des co\u00fbts et\/ou d\u00e9penses suppl\u00e9mentaires (autres que les frais pay\u00e9s) que vous pourriez encourir en raison du report et\/ou de l&#8217;annulation des Conf\u00e9rences.<\/span><\/p><\/div><div><p><span lang=\"fr\">Si l&#8217;\u00e9v\u00e9nement est annul\u00e9 apr\u00e8s la date de d\u00e9but en raison d&#8217;une cause ind\u00e9pendante de la volont\u00e9 (force majeure), et qu&#8217;elle doit \u00eatre d\u00e9plac\u00e9e ou ne peut se poursuivre comme pr\u00e9vu, les organisateurs peuvent d\u00e9cider d&#8217;annuler l&#8217;\u00e9v\u00e9nement. Si, dans ce cas, l&#8217;accord est r\u00e9sili\u00e9, les frais de participation seront rembours\u00e9s, \u00e0 l&#8217;exception des co\u00fbts des services d\u00e9j\u00e0 fournis qui ne peuvent \u00eatre annul\u00e9s. <\/span><\/p><\/div>\t\t\t\t\t\t<\/div>\n\t\t\t\t<\/div>\n\t\t\t\t<div class=\"elementor-element elementor-element-0238462 elementor-widget elementor-widget-heading\" data-id=\"0238462\" data-element_type=\"widget\" data-widget_type=\"heading.default\">\n\t\t\t\t<div class=\"elementor-widget-container\">\n\t\t\t<h2 class=\"elementor-heading-title elementor-size-medium\">8. Annulation par vous-m\u00eame<\/h2>\t\t<\/div>\n\t\t\t\t<\/div>\n\t\t\t\t<div class=\"elementor-element elementor-element-cd0f7a8 elementor-widget elementor-widget-text-editor\" data-id=\"cd0f7a8\" data-element_type=\"widget\" data-widget_type=\"text-editor.default\">\n\t\t\t\t<div class=\"elementor-widget-container\">\n\t\t\t\t\t\t\t<div><p><span lang=\"fr\">Jusqu&#8217;au 15 mai 2022 inclus, vous pouvez annuler votre participation sans frais. Apr\u00e8s cette date, les frais de participation des participants inscrits seront enti\u00e8rement dus. Jusqu&#8217;au 15 juin 2022 inclus, un participant peut \u00eatre remplac\u00e9 par un nouveau participant, sans frais.\u00a0 <\/span><\/p><\/div>\t\t\t\t\t\t<\/div>\n\t\t\t\t<\/div>\n\t\t\t\t<div class=\"elementor-element elementor-element-c6bd7f0 elementor-widget elementor-widget-heading\" data-id=\"c6bd7f0\" data-element_type=\"widget\" data-widget_type=\"heading.default\">\n\t\t\t\t<div class=\"elementor-widget-container\">\n\t\t\t<h2 class=\"elementor-heading-title elementor-size-medium\">9. Voyage et h\u00e9bergement<\/h2>\t\t<\/div>\n\t\t\t\t<\/div>\n\t\t\t\t<div class=\"elementor-element elementor-element-e4f84e3 elementor-widget elementor-widget-text-editor\" data-id=\"e4f84e3\" data-element_type=\"widget\" data-widget_type=\"text-editor.default\">\n\t\t\t\t<div class=\"elementor-widget-container\">\n\t\t\t\t\t\t\t<div><p><span lang=\"fr\">Vous \u00eates enti\u00e8rement responsable de l&#8217;organisation de votre voyage et de votre h\u00e9bergement. Il est recommand\u00e9 de v\u00e9rifier les exigences en mati\u00e8re de visa aupr\u00e8s de l&#8217;ambassade ou du consulat local. Les organisateurs se chargeront de l&#8217;envoi de lettres de r\u00e9f\u00e9rence pour les demandes de visa le cas \u00e9ch\u00e9ant.<\/span><\/p><\/div><div><p><span lang=\"fr\">Les organisateurs ne seront pas responsables des formalit\u00e9s et\/ou des frais de voyage ou d&#8217;h\u00e9bergement ou si vous ne pouvez pas assister \u00e0 l&#8217;\u00e9v\u00e9nement en raison d&#8217;un \u00e9v\u00e9nement de force majeure ou de tout \u00e9v\u00e9nement hors de notre contr\u00f4le. Les organisateurs vous recommandent de souscrire \u00e0 une assurance appropri\u00e9e contre l&#8217;annulation ainsi qu&#8217;une assurance maladie et accident ad\u00e9quate.<\/span><\/p><\/div>\t\t\t\t\t\t<\/div>\n\t\t\t\t<\/div>\n\t\t\t\t<div class=\"elementor-element elementor-element-70ac517 elementor-widget elementor-widget-heading\" data-id=\"70ac517\" data-element_type=\"widget\" data-widget_type=\"heading.default\">\n\t\t\t\t<div class=\"elementor-widget-container\">\n\t\t\t<h2 class=\"elementor-heading-title elementor-size-medium\">10. Sant\u00e9 \u2013 Assistance \u2013 R\u00e9gimes alimentaires<\/h2>\t\t<\/div>\n\t\t\t\t<\/div>\n\t\t\t\t<div class=\"elementor-element elementor-element-9352a59 elementor-widget elementor-widget-text-editor\" data-id=\"9352a59\" data-element_type=\"widget\" data-widget_type=\"text-editor.default\">\n\t\t\t\t<div class=\"elementor-widget-container\">\n\t\t\t\t\t\t\t<div><p><span lang=\"fr\">En acceptant ces termes, vous donnez l&#8217;autorisation de recevoir des soins d&#8217;urgence en cas de besoin.<\/span><\/p><\/div><div><p><span lang=\"fr\">Si vous avez besoin d&#8217;une assistance sp\u00e9ciale (par exemple, en ce qui concerne une personne souffrant d&#8217;un handicap physique), veuillez contacter l&#8217;organisateur de l&#8217;\u00e9v\u00e9nement \u00e0 l&#8217;avance par courrier \u00e9lectronique afin d&#8217;organiser cette assistance lors de l&#8217;\u00e9v\u00e9nement.<\/span><\/p><\/div><div><p><span lang=\"fr\">Le cas \u00e9ch\u00e9ant, vous aurez la possibilit\u00e9 de mentionner toute r\u00e9gime alimentaire particulier dans le formulaire d&#8217;inscription.<\/span><\/p><\/div>\t\t\t\t\t\t<\/div>\n\t\t\t\t<\/div>\n\t\t\t\t<div class=\"elementor-element elementor-element-1823411 elementor-widget elementor-widget-heading\" data-id=\"1823411\" data-element_type=\"widget\" data-widget_type=\"heading.default\">\n\t\t\t\t<div class=\"elementor-widget-container\">\n\t\t\t<h2 class=\"elementor-heading-title elementor-size-medium\">11. Protection des donn\u00e9es<\/h2>\t\t<\/div>\n\t\t\t\t<\/div>\n\t\t\t\t<div class=\"elementor-element elementor-element-dddd184 elementor-widget elementor-widget-text-editor\" data-id=\"dddd184\" data-element_type=\"widget\" data-widget_type=\"text-editor.default\">\n\t\t\t\t<div class=\"elementor-widget-container\">\n\t\t\t\t\t\t\t<p>En vous inscrivant et\/ou en participant aux Conf\u00e9rences, que ce soit physiquement ou virtuellement via des plateformes\/outils de vid\u00e9oconf\u00e9rence ou de conf\u00e9rence en ligne, vous reconnaissez que vos donn\u00e9es personnelles seront r\u00e9colt\u00e9es et trait\u00e9es par les organisateurs afin d&#8217;organiser les \u00e9v\u00e9nements et de g\u00e9rer votre participation, comme indiqu\u00e9 plus en d\u00e9tail ci-dessous.<\/p><p>Les organisateurs partageront les informations ci-dessous dans le but d&#8217;organiser les Conf\u00e9rences europ\u00e9ennes. Apr\u00e8s cet \u00e9v\u00e9nement, toutes les parties conviennent que cet accord prend fin et que toutes les donn\u00e9es partag\u00e9es sont d\u00e9truites. Les donn\u00e9es personnelles (1) qui seront partag\u00e9es sont :\u00a0<\/p><ul><li>Taille des v\u00eatements\u00a0<\/li><li>Num\u00e9ros de carte de cr\u00e9dit ou de d\u00e9bit\u00a0<\/li><li>Date de naissance\u00a0<\/li><li>Adresse courriel\u00a0<\/li><li>Contact d&#8217;urgence\u00a0<\/li><li>Pr\u00e9f\u00e9rences alimentaires\u00a0<\/li><li>Nom complet\u00a0<\/li><li>Genre\u00a0<\/li><li>Informations m\u00e9dicales\u00a0<\/li><li>Adresse du domicile\u00a0<\/li><li>Situation d&#8217;emploi\u00a0<\/li><li>Connaissance des langues\u00a0<\/li><li>Statut d&#8217;adh\u00e9sion \u00e0 une Organisation Membre\u00a0<\/li><li>Nationalit\u00e9\u00a0<\/li><li>Date d&#8217;expiration du passeport\u00a0<\/li><li>Num\u00e9ro de passeport\u00a0<\/li><li>Num\u00e9ro de t\u00e9l\u00e9phone\u00a0<\/li><\/ul><p>Les donn\u00e9es de cat\u00e9gories sp\u00e9cifiques \u00e0 partager sont :\u00a0<\/p><ul><li>R\u00e9gimes alimentaires particuliers qui peuvent r\u00e9v\u00e9ler des croyances religieuses ou philosophiques\u00a0<\/li><li>Sant\u00e9\u00a0<\/li><\/ul><p>La base juridique du partage des donn\u00e9es personnelles et conform\u00e9ment \u00e0 la l\u00e9gislation de l&#8217;UE sur la protection des donn\u00e9es est l&#8217;int\u00e9r\u00eat l\u00e9gitime, car les parties ont besoin de ces donn\u00e9es pour pouvoir fournir un service complet aux participants \u00e0 la Conf\u00e9rence.\u00a0<\/p><p>Les organisateurs garantissent qu&#8217;ils vont :\u00a0<\/p><ul><li>N&#8217;utiliser les donn\u00e9es personnelles partag\u00e9es qu&#8217;aux fins sp\u00e9cifi\u00e9es dans le pr\u00e9sent accord.\u00a0<\/li><li>Traiter les donn\u00e9es personnelles conform\u00e9ment \u00e0 la l\u00e9gislation sur la protection des donn\u00e9es.\u00a0<\/li><li>Tenir un registre de ses activit\u00e9s de traitement s&#8217;ils traitent des donn\u00e9es personnelles sp\u00e9cifiques\u00a0<\/li><li>Ne pas, directement ou indirectement, divulguer, publier, copier, photographier, afficher, pr\u00e9senter ou divulguer de toute autre mani\u00e8re \u00e0 toute autre personne ou organisation toute information relative \u00e0 l&#8217;autre sans accord pr\u00e9alable par \u00e9crit.\u00a0<\/li><li>D\u00e9truire ou renvoyer \u00e0 l&#8217;exp\u00e9diteur tous les fichiers contenant des donn\u00e9es personnelles une fois le partage et le traitement termin\u00e9s.\u00a0<\/li><li>Prendre les mesures techniques et organisationnelles appropri\u00e9es contre le traitement non autoris\u00e9 ou ill\u00e9gal des donn\u00e9es \u00e0 caract\u00e8re personnel et contre la perte ou la destruction accidentelle ou l&#8217;endommagement des donn\u00e9es \u00e0 caract\u00e8re personnel. Cela peut inclure la pseudonymisation, le cryptage et des tests r\u00e9guliers de l&#8217;efficacit\u00e9 de toute mesure de s\u00e9curit\u00e9, le cas \u00e9ch\u00e9ant.\u00a0<\/li><li>S&#8217;informer imm\u00e9diatement l&#8217;une l&#8217;autre et coop\u00e9rer pleinement avec l&#8217;autre si elle re\u00e7oit une plainte, un avis ou une communication qui se rapporte directement ou indirectement au traitement des donn\u00e9es personnelles ou au respect par l&#8217;une ou l&#8217;autre des parties de la l\u00e9gislation sur la protection des donn\u00e9es.\u00a0<\/li><li>S&#8217;informer mutuellement et imm\u00e9diatement en cas de violation potentielle ou r\u00e9elle des donn\u00e9es personnelles.\u00a0<\/li><li>En cas de violation des donn\u00e9es, coop\u00e9rer pleinement pour enqu\u00eater sur la violation et y rem\u00e9dier, coop\u00e9rer avec les autorit\u00e9s de surveillance et les forces de l&#8217;ordre, et participer \u00e0 toute notification requise.\u00a0<\/li><li>Veiller \u00e0 ce que l&#8217;acc\u00e8s aux donn\u00e9es \u00e0 caract\u00e8re personnel soit limit\u00e9 aux b\u00e9n\u00e9voles et aux employ\u00e9s qui ont besoin d&#8217;y acc\u00e9der pour remplir leurs obligations en vertu du pr\u00e9sent accord et, dans le cas d&#8217;un acc\u00e8s par une personne, \u00e0 la ou aux parties des donn\u00e9es \u00e0 caract\u00e8re personnel qui sont strictement n\u00e9cessaires \u00e0 l&#8217;ex\u00e9cution des t\u00e2ches de cette personne.\u00a0<\/li><li>Prendre des mesures raisonnables pour assurer la fiabilit\u00e9 de ses b\u00e9n\u00e9voles et employ\u00e9s qui ont acc\u00e8s aux donn\u00e9es personnelles.\u00a0<\/li><li>S&#8217;informer mutuellement dans un d\u00e9lai d&#8217;un jour ouvrable de la r\u00e9ception d&#8217;une demande d&#8217;acc\u00e8s aux donn\u00e9es partag\u00e9es \u00e9manant d&#8217;une personne concern\u00e9e.\u00a0<\/li><li>Se fournir mutuellement une coop\u00e9ration et une assistance totales en ce qui concerne toute demande faite par une personne concern\u00e9e pour avoir acc\u00e8s \u00e0 ses donn\u00e9es personnelles qui sont partag\u00e9es.\u00a0<\/li><li>Corriger les donn\u00e9es \u00e0 caract\u00e8re personnel lorsque cela est n\u00e9cessaire conform\u00e9ment au droit de rectification des personnes concern\u00e9es et se notifier mutuellement, le cas \u00e9ch\u00e9ant, la rectification.\u00a0<\/li><li>Ne pas divulguer les donn\u00e9es \u00e0 caract\u00e8re personnel \u00e0 une personne concern\u00e9e ou \u00e0 un tiers, sauf dans les cas pr\u00e9vus par le pr\u00e9sent accord.\u00a0<\/li><li>N&#8217;autoriser un tiers (sous-traitant) \u00e0 traiter les donn\u00e9es \u00e0 caract\u00e8re personnel partag\u00e9es que sous r\u00e9serve de l&#8217;accord \u00e9crit pr\u00e9alable de toutes les parties au pr\u00e9sent accord.\u00a0<\/li><li>S&#8217;entraider pour r\u00e9pondre \u00e0 toute demande de renseignements \u00e9manant du Bureau du Commissaire \u00e0 l&#8217;information.<\/li><\/ul>\t\t\t\t\t\t<\/div>\n\t\t\t\t<\/div>\n\t\t\t\t<div class=\"elementor-element elementor-element-a5dd1f1 elementor-widget elementor-widget-heading\" data-id=\"a5dd1f1\" data-element_type=\"widget\" data-widget_type=\"heading.default\">\n\t\t\t\t<div class=\"elementor-widget-container\">\n\t\t\t<h2 class=\"elementor-heading-title elementor-size-medium\">12. Photographie et Enregistrement vid\u00e9o<\/h2>\t\t<\/div>\n\t\t\t\t<\/div>\n\t\t\t\t<div class=\"elementor-element elementor-element-313f287 elementor-widget elementor-widget-text-editor\" data-id=\"313f287\" data-element_type=\"widget\" data-widget_type=\"text-editor.default\">\n\t\t\t\t<div class=\"elementor-widget-container\">\n\t\t\t\t\t\t\t<div><p><span lang=\"fr\">En vous inscrivant et\/ou en participant aux Conf\u00e9rences, que ce soit physiquement ou virtuellement par le biais de plateformes\/outils de vid\u00e9oconf\u00e9rence ou de conf\u00e9rence en ligne, vous reconnaissez que certaines s\u00e9ances et\/ou fonctions sociales peuvent \u00eatre photographi\u00e9es et\/ou film\u00e9es et\/ou diffus\u00e9es sur internet et que certaines de ces photos et enregistrements vid\u00e9o peuvent \u00eatre utilis\u00e9s pour le compte rendu de l&#8217;\u00e9v\u00e9nement\/r\u00e9union, les nouvelles, les objectifs promotionnels, les futurs mat\u00e9riels de marketing, l&#8217;illustration, l&#8217;information et les activit\u00e9s de diffusion via les sites internet de Scouting Nederland, de l&#8217;AMGE ou de l&#8217;OMMS ou l&#8217;inclusion dans leurs pages de m\u00e9dias sociaux qui peuvent traiter les donn\u00e9es personnelles conform\u00e9ment \u00e0 leurs propres politiques. En participant \u00e0 l&#8217;\u00e9v\u00e9nement (que ce soit en ligne ou non), vous acceptez d&#8217;\u00eatre inclus dans l&#8217;enregistrement de la r\u00e9union. Si vous avez des inqui\u00e9tudes \u00e0 ce sujet, ou si vous ne souhaitez pas figurer dans l&#8217;un de ces enregistrements, veuillez contacter les organisateurs et les en informer avant ou le jour du d\u00e9but des Conf\u00e9rences. Nous vous informons toutefois qu&#8217;il est possible que certaines images de vous-m\u00eame soient incluses dans les enregistrements ou les photos. Les photos et les enregistrements seront accessibles au public. <\/span><\/p><\/div>\t\t\t\t\t\t<\/div>\n\t\t\t\t<\/div>\n\t\t\t\t<div class=\"elementor-element elementor-element-c91596a elementor-widget elementor-widget-heading\" data-id=\"c91596a\" data-element_type=\"widget\" data-widget_type=\"heading.default\">\n\t\t\t\t<div class=\"elementor-widget-container\">\n\t\t\t<h2 class=\"elementor-heading-title elementor-size-medium\">13. Propri\u00e9t\u00e9 intellectuelle<\/h2>\t\t<\/div>\n\t\t\t\t<\/div>\n\t\t\t\t<div class=\"elementor-element elementor-element-145066d elementor-widget elementor-widget-text-editor\" data-id=\"145066d\" data-element_type=\"widget\" data-widget_type=\"text-editor.default\">\n\t\t\t\t<div class=\"elementor-widget-container\">\n\t\t\t\t\t\t\t<div><p><span lang=\"fr\">Aux fins des termes ci-pr\u00e9sents, les \u00ab<b> Droits de propri\u00e9t\u00e9 intellectuelle<\/b> \u00bb sont tous les droits (y compris, mais sans s&#8217;y limiter, les droits d&#8217;auteur, les marques, les noms commerciaux, le savoir-faire, la conception d&#8217;applications logicielles, les sites internet, les droits sur les bases de donn\u00e9es, les compilations et les dessins, les droits moraux) et pr\u00e9rogatives, enregistr\u00e9s ou non, d\u00e9coulant de la l\u00e9gislation n\u00e9erlandaise et internationale sur la protection notamment des brevets, des conceptions graphiques, des marques, ainsi que du savoir-faire et des secrets commerciaux.<\/span><\/p><\/div><div><p><span lang=\"fr\">Vous acceptez que tous les \u00e9l\u00e9ments mis \u00e0 disposition par les organisateurs ou mis \u00e0 disposition par l&#8217;interm\u00e9diaire des organisateurs dans le cadre des Conf\u00e9rences, y compris, sans s&#8217;y limiter, les notes, enregistrements, \u00e9tudes, rapports, brochures, dessins ou autres documents et \u00e9l\u00e9ments tangibles, y compris les images, textes, commentaires, graphiques, illustrations, logos, ic\u00f4nes, noms de marques et de produits des organisateurs, sont (i) la propri\u00e9t\u00e9 exclusive de l&#8217;organisation h\u00f4te, et\/ou de ses conc\u00e9dants de licence et (ii) pourraient \u00eatre prot\u00e9g\u00e9s par des droits de propri\u00e9t\u00e9 intellectuelle. Les organisateurs se r\u00e9servent tous les droits qui ne sont pas express\u00e9ment accord\u00e9s en vertu des pr\u00e9sentes termes. Sauf autorisation \u00e9crite explicite des organisateurs, ils ne peuvent \u00eatre vendus, conc\u00e9d\u00e9s sous licence, lou\u00e9s, modifi\u00e9s, utilis\u00e9s, distribu\u00e9s, copi\u00e9s, reproduits, transmis, affich\u00e9s publiquement, ex\u00e9cut\u00e9s publiquement, publi\u00e9s, adapt\u00e9s, \u00e9dit\u00e9s ou traduits, en tout ou en partie, par vous \u00e0 un tiers en dehors des autres participants inscrits \u00e0 l&#8217;\u00e9v\u00e9nement. Les termes ci-pr\u00e9sents ne vous accordent aucune licence ni aucun droit d&#8217;utiliser les \u00e9l\u00e9ments mis \u00e0 votre disposition, sauf si cette utilisation est limit\u00e9e aux fins de votre participation aux Conf\u00e9rences.\u00a0<\/span><\/p><\/div><div><p><span lang=\"fr\">Sous r\u00e9serve des dispositions de l&#8217;article 12, si vous d\u00e9cidez de partager lors des Conf\u00e9rences, des notes, des dossiers, des \u00e9tudes, des rapports, des brochures, des dessins ou d&#8217;autres documents et \u00e9l\u00e9ments tangibles incluant (ou non) des droits de propri\u00e9t\u00e9 intellectuelle, il vous incombe de vous assurer que vous disposez de toutes les autorisations n\u00e9cessaires pour partager ce mat\u00e9riel, ce contenu et\/ou ces informations lors des Conf\u00e9rences. Vous comprenez et acceptez que les organisateurs ne sont pas responsables de l&#8217;utilisation et\/ou de la divulgation ult\u00e9rieure de ce mat\u00e9riel, de ce contenu et\/ou de ces informations par tout autre participant aux Conf\u00e9rences et\/ou par un tiers. Vous comprenez et acceptez \u00e9galement que les organisateurs puissent utiliser ce mat\u00e9riel, ce contenu et\/ou ces informations pour le compte rendu des Conf\u00e9rences, conform\u00e9ment aux pr\u00e9sents termes. <\/span><\/p><\/div>\t\t\t\t\t\t<\/div>\n\t\t\t\t<\/div>\n\t\t\t\t<div class=\"elementor-element elementor-element-735301a elementor-widget elementor-widget-heading\" data-id=\"735301a\" data-element_type=\"widget\" data-widget_type=\"heading.default\">\n\t\t\t\t<div class=\"elementor-widget-container\">\n\t\t\t<h2 class=\"elementor-heading-title elementor-size-medium\">14. Force Majeure<\/h2>\t\t<\/div>\n\t\t\t\t<\/div>\n\t\t\t\t<div class=\"elementor-element elementor-element-99d9222 elementor-widget elementor-widget-text-editor\" data-id=\"99d9222\" data-element_type=\"widget\" data-widget_type=\"text-editor.default\">\n\t\t\t\t<div class=\"elementor-widget-container\">\n\t\t\t\t\t\t\t<div><p><span lang=\"fr\">Les organisateurs ne sont pas responsables du manquement aux responsabilit\u00e9s d\u00e9crites dans ces termes en cas de force majeure. Un cas de force majeure est interpr\u00e9t\u00e9 comme un \u00e9v\u00e9nement de nature soudaine et inattendue, li\u00e9 \u00e0 l&#8217;effet catastrophique des forces de la nature, d&#8217;une \u00e9pid\u00e9mie ou d&#8217;une pand\u00e9mie de maladies infectieuses, des actes de l&#8217;autorit\u00e9 ex\u00e9cutive et l\u00e9gislative, y compris les actes de l&#8217;autorit\u00e9 d&#8217;un \u00e9tat autre que le pays h\u00f4te ou les actes des autorit\u00e9s des organisations internationales, y compris en particulier ceux de l&#8217;\u00e9tat autorisant, y compris les \u00e9tats autres que le pays h\u00f4te, et les autorit\u00e9s internationales, li\u00e9s \u00e0 la r\u00e9duction des effets de l&#8217;\u00e9pid\u00e9mie ou de la pand\u00e9mie de maladies infectieuses, ainsi que les troubles de la vie collective (par ex. les \u00e9meutes, l&#8217;\u00e9tat d&#8217;urgence, la gr\u00e8ve, etc.) ayant pour cons\u00e9quence ou pouvant avoir pour cons\u00e9quence des difficult\u00e9s d&#8217;organisation des Conf\u00e9rences caus\u00e9es (entre autres) par la limitation de l&#8217;entr\u00e9e des participants sur le territoire du pays h\u00f4te, des restrictions li\u00e9es \u00e0 l&#8217;organisation d&#8217;\u00e9v\u00e9nements \u00e0 grande \u00e9chelle, ou le retrait des participants \u00e0 l&#8217;\u00e9v\u00e9nement en raison de pr\u00e9occupations en mati\u00e8re de sant\u00e9, de vie ou de directives et conseils des autorit\u00e9s et organisations \u00e9tatiques ou internationales. En particulier, l&#8217;\u00e9pid\u00e9mie ou la pand\u00e9mie de la maladie COVID-19 ainsi que les actions des autorit\u00e9s \u00e9tatiques, y compris des pays autres que le pays h\u00f4te, et les d\u00e9sordres internationaux, sont consid\u00e9r\u00e9s comme des cas de force majeure, dans la mesure o\u00f9 ils peuvent entraver ou emp\u00eacher l&#8217;organisation des activit\u00e9s.\u00a0\u00a0<\/span><\/p><\/div><div><p><span lang=\"fr\">L&#8217;ex\u00e9cution des termes ci-pr\u00e9sents sera consid\u00e9r\u00e9e comme suspendue pendant la p\u00e9riode o\u00f9 l&#8217;\u00e9v\u00e9nement de force majeure continue d&#8217;affecter l&#8217;ex\u00e9cution. Les organisateurs et\/ou vous-m\u00eame ferez tout ce qui est raisonnablement possible pour mettre fin \u00e0 l&#8217;\u00e9v\u00e9nement de force majeure ou pour trouver une solution permettant d&#8217;ex\u00e9cuter nos et\/ou vos obligations en vertu des pr\u00e9sentes termes malgr\u00e9 l&#8217;\u00e9v\u00e9nement de force majeure.<\/span><\/p><\/div>\t\t\t\t\t\t<\/div>\n\t\t\t\t<\/div>\n\t\t\t\t<div class=\"elementor-element elementor-element-605b13d elementor-widget elementor-widget-heading\" data-id=\"605b13d\" data-element_type=\"widget\" data-widget_type=\"heading.default\">\n\t\t\t\t<div class=\"elementor-widget-container\">\n\t\t\t<h2 class=\"elementor-heading-title elementor-size-medium\">15. Responsabilit\u00e9 civile<\/h2>\t\t<\/div>\n\t\t\t\t<\/div>\n\t\t\t\t<div class=\"elementor-element elementor-element-16bc00e elementor-widget elementor-widget-text-editor\" data-id=\"16bc00e\" data-element_type=\"widget\" data-widget_type=\"text-editor.default\">\n\t\t\t\t<div class=\"elementor-widget-container\">\n\t\t\t\t\t\t\t<p>Vous \u00eates tenu de garder vos effets personnels (y compris votre ordinateur et\/ou d&#8217;autres appareils) avec vous \u00e0 tout moment et les organisateurs n&#8217;acceptent aucune responsabilit\u00e9 pour les dommages ou la perte d&#8217;effets personnels. Les organisateurs n&#8217;acceptent aucune responsabilit\u00e9 pour toute perte (y compris, sans s&#8217;y limiter, le vol) occasionn\u00e9e dans nos locaux et\/ou dans les locaux de tout \u00e9v\u00e9nement se d\u00e9roulant dans des lieux ext\u00e9rieurs, \u00e0 l&#8217;exception des dommages caus\u00e9s directement par notre n\u00e9gligence, auquel cas, et dans la mesure o\u00f9 la loi le permet, notre responsabilit\u00e9 sera limit\u00e9e aux frais de Conf\u00e9rence pay\u00e9s.<\/p><p>Dans la mesure o\u00f9 la loi le permet, les organisateurs et leurs partenaires, ainsi que tout fournisseur de syst\u00e8mes de plateformes de vid\u00e9oconf\u00e9rence ou de conf\u00e9rence en ligne pour les Conf\u00e9rences et chacun de leurs responsables, directeurs, autres partenaires et employ\u00e9s respectifs, ne seront en aucun cas responsables, que ce soit par contrat ou autrement, des dommages subis en relation avec l&#8217;organisation et\/ou votre inscription et\/ou votre participation aux Conf\u00e9rences :\u00a0<\/p><p>(a) tout dommage indirect, cons\u00e9cutif, punitif ou exemplaire, y compris, mais sans s&#8217;y limiter, les dommages pour perte de profits, perte de donn\u00e9es, co\u00fbts de personnel suppl\u00e9mentaires ou autres pertes intangibles (m\u00eame si les organisateurs ont \u00e9t\u00e9 inform\u00e9s de la possibilit\u00e9 de tels dommages), et\/ou\u00a0<\/p><p>(b) le co\u00fbt de l&#8217;obtention de services de substitution, et\/ou\u00a0<\/p><p>(c) toute question \u00e9chappant \u00e0 notre contr\u00f4le raisonnable, y compris les cas de force majeure. Par la pr\u00e9sente, vous renoncez express\u00e9ment \u00e0 toute r\u00e9clamation \u00e0 l&#8217;encontre de l&#8217;organisation et\/ou de la personne physique susmentionn\u00e9e pour quelconque des dommages susmentionn\u00e9s.\u00a0<\/p><p>En cas d&#8217;inscription et\/ou de participation aux Conf\u00e9rences :<\/p><ul><li>via des plateformes\/outils de vid\u00e9oconf\u00e9rence ou de conf\u00e9rence en ligne, vous \u00eates tenu de vous assurer que vous disposez de toutes les autorisations n\u00e9cessaires pour vous inscrire \u00e0 l&#8217;\u00e9v\u00e9nement, y participer et, \u00e0 cet effet, de disposer d&#8217;une connexion Internet, d&#8217;un \u00e9quipement et d&#8217;un logiciel de navigation compatibles afin d&#8217;utiliser la plateforme\/outil de vid\u00e9oconf\u00e9rence ou de conf\u00e9rence en ligne et de participer \u00e0 l&#8217;\u00e9v\u00e9nement.<\/li><li>et si vous avez d\u00e9cid\u00e9 de t\u00e9l\u00e9charger et\/ou de partager du mat\u00e9riel, du contenu, des donn\u00e9es et\/ou toute information, il vous incombe de vous assurer que vous disposez de toutes les autorisations n\u00e9cessaires pour t\u00e9l\u00e9charger et\/ou partager ce mat\u00e9riel, ce contenu, ces donn\u00e9es et\/ou cette information dans le cadre de l&#8217;\u00e9v\u00e9nement ; vous acceptez d&#8217;indemniser les organisateurs en cas de violation des droits de propri\u00e9t\u00e9 intellectuelle de tiers. Vous reconnaissez que les organisateurs ne sont pas responsables des \u00e9l\u00e9ments suivants\u00a0:<ul><li>(i) toute utilisation ult\u00e9rieure de ce mat\u00e9riel, contenu, donn\u00e9es et\/ou informations par tout participant et\/ou par tout tiers pendant et\/ou apr\u00e8s les Conf\u00e9rences et\/ou\u00a0<\/li><li>(ii) la perte, l&#8217;interception, le stockage et\/ou l&#8217;utilisation de ce mat\u00e9riel, de ce contenu, de ces donn\u00e9es et\/ou de ces informations sur des syst\u00e8mes qui ne sont pas contr\u00f4l\u00e9s par les organisateurs, par exemple lorsque l&#8217;\u00e9v\u00e9nement est suivi par le biais de plateformes\/outils de vid\u00e9oconf\u00e9rence ou de conf\u00e9rence en ligne.<\/li><\/ul><\/li><\/ul><p>Les organisateurs ne sont pas responsables de tout dommage ou co\u00fbt caus\u00e9 par l&#8217;exclusion des Conf\u00e9rences en raison du non-respect des termes d\u00e9finis.<\/p>\t\t\t\t\t\t<\/div>\n\t\t\t\t<\/div>\n\t\t\t\t<div class=\"elementor-element elementor-element-e7d0170 elementor-widget elementor-widget-heading\" data-id=\"e7d0170\" data-element_type=\"widget\" data-widget_type=\"heading.default\">\n\t\t\t\t<div class=\"elementor-widget-container\">\n\t\t\t<h2 class=\"elementor-heading-title elementor-size-medium\">16. Mise \u00e0 jour des termes et conditions, du droit applicable et de la juridiction comp\u00e9tente<\/h2>\t\t<\/div>\n\t\t\t\t<\/div>\n\t\t\t\t<div class=\"elementor-element elementor-element-598c250 elementor-widget elementor-widget-text-editor\" data-id=\"598c250\" data-element_type=\"widget\" data-widget_type=\"text-editor.default\">\n\t\t\t\t<div class=\"elementor-widget-container\">\n\t\t\t\t\t\t\t<div><span lang=\"fr\">Les pr\u00e9sents termes entrent en vigueur le 1er f\u00e9vrier 2022 et s&#8217;appliquent \u00e0 votre inscription et\/ou \u00e0 votre participation aux Conf\u00e9rences. Les organisateurs peuvent mettre \u00e0 jour les pr\u00e9sents termes \u00e0 tout moment. Par cons\u00e9quent, vous \u00eates invit\u00e9 \u00e0 vous r\u00e9f\u00e9rer r\u00e9guli\u00e8rement \u00e0 la plus r\u00e9cente version en vigueur de ces termes lorsque vous proc\u00e9dez \u00e0 votre inscription. Vous acceptez que les pr\u00e9sents termes soient exclusivement r\u00e9gis par les lois des Pays-Bas, sans donner effet \u00e0 aucun principe de conflit de lois. Tout litige, r\u00e9clamation ou controverse d\u00e9coulant de, li\u00e9 \u00e0 ou relatif \u00e0 la conclusion, la validit\u00e9, l&#8217;interpr\u00e9tation ou l&#8217;ex\u00e9cution des termes ci-pr\u00e9sents et\/ou des accords ult\u00e9rieurs qui pourraient en d\u00e9couler, sera soumis \u00e0 la juridiction exclusive des tribunaux comp\u00e9tents des Pays-Bas.<\/span><\/div>\t\t\t\t\t\t<\/div>\n\t\t\t\t<\/div>\n\t\t\t\t\t<\/div>\n\t\t<\/div>\n\t\t\t\t\t\t\t<\/div>\n\t\t<\/section>\n\t\t\t\t\t\t\t<\/div>\n\t\t","protected":false},"excerpt":{"rendered":"<p>TERMES ET CONDITIONS 1. Objet Les pages suivantes contiennent nos Termes et conditions g\u00e9n\u00e9rales (\u00ab Termes \u00bb) applicables \u00e0 la 17\u00e8me Conf\u00e9rence Europ\u00e9enne du Guidisme, \u00e0 la 24\u00e8me Conf\u00e9rence Europ\u00e9enne du Scoutisme et \u00e0 la 17\u00e8me Conf\u00e9rence Europ\u00e9enne du Guidisme et du Scoutisme (\u00ab Conf\u00e9rences \u00bb) organis\u00e9es par Scouting Nederland, l&#8217;AMGE Europe et la R\u00e9gion [&hellip;]<\/p>\n","protected":false},"author":1,"featured_media":0,"parent":0,"menu_order":0,"comment_status":"closed","ping_status":"closed","template":"elementor_header_footer","meta":{"om_disable_all_campaigns":false,"_mi_skip_tracking":false,"footnotes":""},"class_list":["post-6870","page","type-page","status-publish","hentry"],"_links":{"self":[{"href":"https:\/\/fr.17egsc.weconnect.eu.com\/index.php\/wp-json\/wp\/v2\/pages\/6870","targetHints":{"allow":["GET"]}}],"collection":[{"href":"https:\/\/fr.17egsc.weconnect.eu.com\/index.php\/wp-json\/wp\/v2\/pages"}],"about":[{"href":"https:\/\/fr.17egsc.weconnect.eu.com\/index.php\/wp-json\/wp\/v2\/types\/page"}],"author":[{"embeddable":true,"href":"https:\/\/fr.17egsc.weconnect.eu.com\/index.php\/wp-json\/wp\/v2\/users\/1"}],"replies":[{"embeddable":true,"href":"https:\/\/fr.17egsc.weconnect.eu.com\/index.php\/wp-json\/wp\/v2\/comments?post=6870"}],"version-history":[{"count":59,"href":"https:\/\/fr.17egsc.weconnect.eu.com\/index.php\/wp-json\/wp\/v2\/pages\/6870\/revisions"}],"predecessor-version":[{"id":7610,"href":"https:\/\/fr.17egsc.weconnect.eu.com\/index.php\/wp-json\/wp\/v2\/pages\/6870\/revisions\/7610"}],"wp:attachment":[{"href":"https:\/\/fr.17egsc.weconnect.eu.com\/index.php\/wp-json\/wp\/v2\/media?parent=6870"}],"curies":[{"name":"wp","href":"https:\/\/api.w.org\/{rel}","templated":true}]}}