{"id":5605,"date":"2019-10-19T02:36:39","date_gmt":"2019-10-19T02:36:39","guid":{"rendered":"http:\/\/demo.ovathemes.com\/lifevent\/?page_id=5605"},"modified":"2022-02-14T12:19:08","modified_gmt":"2022-02-14T11:19:08","slug":"about","status":"publish","type":"page","link":"https:\/\/fr.17egsc.weconnect.eu.com\/index.php\/about\/","title":{"rendered":"\u00c0 propos"},"content":{"rendered":"\t\t<div data-elementor-type=\"wp-page\" data-elementor-id=\"5605\" class=\"elementor elementor-5605\">\n\t\t\t\t\t\t\t\t\t<section class=\"elementor-section elementor-top-section elementor-element elementor-element-fe2ebb2 elementor-section-boxed elementor-section-height-default elementor-section-height-default\" data-id=\"fe2ebb2\" data-element_type=\"section\">\n\t\t\t\t\t\t<div class=\"elementor-container elementor-column-gap-default\">\n\t\t\t\t\t<div class=\"elementor-column elementor-col-50 elementor-top-column elementor-element elementor-element-5a643d3\" data-id=\"5a643d3\" data-element_type=\"column\">\n\t\t\t<div class=\"elementor-widget-wrap\">\n\t\t\t\t\t\t\t\t\t<\/div>\n\t\t<\/div>\n\t\t\t\t<div class=\"elementor-column elementor-col-50 elementor-top-column elementor-element elementor-element-c2b6b7c\" data-id=\"c2b6b7c\" data-element_type=\"column\">\n\t\t\t<div class=\"elementor-widget-wrap elementor-element-populated\">\n\t\t\t\t\t\t\t\t<div class=\"elementor-element elementor-element-f94bdbd elementor-widget elementor-widget-spacer\" data-id=\"f94bdbd\" data-element_type=\"widget\" data-widget_type=\"spacer.default\">\n\t\t\t\t<div class=\"elementor-widget-container\">\n\t\t\t<style>\/*! elementor - v3.6.7 - 03-07-2022 *\/\n.e-container.e-container--row .elementor-spacer-inner{width:var(--spacer-size)}.e-container.e-container--column .elementor-spacer-inner,.elementor-column .elementor-spacer-inner{height:var(--spacer-size)}<\/style>\t\t<div class=\"elementor-spacer\">\n\t\t\t<div class=\"elementor-spacer-inner\"><\/div>\n\t\t<\/div>\n\t\t\t\t<\/div>\n\t\t\t\t<\/div>\n\t\t\t\t\t<\/div>\n\t\t<\/div>\n\t\t\t\t\t\t\t<\/div>\n\t\t<\/section>\n\t\t\t\t<section class=\"elementor-section elementor-top-section elementor-element elementor-element-aff52ff elementor-section-boxed elementor-section-height-default elementor-section-height-default\" data-id=\"aff52ff\" data-element_type=\"section\">\n\t\t\t\t\t\t<div class=\"elementor-container elementor-column-gap-default\">\n\t\t\t\t\t<div class=\"elementor-column elementor-col-50 elementor-top-column elementor-element elementor-element-bb81321\" data-id=\"bb81321\" data-element_type=\"column\">\n\t\t\t<div class=\"elementor-widget-wrap elementor-element-populated\">\n\t\t\t\t\t\t\t\t<div class=\"elementor-element elementor-element-fc8c0fd elementor-widget elementor-widget-image\" data-id=\"fc8c0fd\" data-element_type=\"widget\" data-widget_type=\"image.default\">\n\t\t\t\t<div class=\"elementor-widget-container\">\n\t\t\t<style>\/*! elementor - v3.6.7 - 03-07-2022 *\/\n.elementor-widget-image{text-align:center}.elementor-widget-image a{display:inline-block}.elementor-widget-image a img[src$=\".svg\"]{width:48px}.elementor-widget-image img{vertical-align:middle;display:inline-block}<\/style>\t\t\t\t\t\t\t\t\t\t\t\t<img loading=\"lazy\" decoding=\"async\" width=\"200\" height=\"300\" src=\"https:\/\/fr.17egsc.weconnect.eu.com\/wp-content\/uploads\/2021\/12\/28758586607_145d91fa06_k-200x300.jpg\" class=\"attachment-medium size-medium\" alt=\"\" srcset=\"https:\/\/fr.17egsc.weconnect.eu.com\/wp-content\/uploads\/2021\/12\/28758586607_145d91fa06_k-200x300.jpg 200w, https:\/\/fr.17egsc.weconnect.eu.com\/wp-content\/uploads\/2021\/12\/28758586607_145d91fa06_k-683x1024.jpg 683w, https:\/\/fr.17egsc.weconnect.eu.com\/wp-content\/uploads\/2021\/12\/28758586607_145d91fa06_k-768x1152.jpg 768w, https:\/\/fr.17egsc.weconnect.eu.com\/wp-content\/uploads\/2021\/12\/28758586607_145d91fa06_k-1024x1536.jpg 1024w, https:\/\/fr.17egsc.weconnect.eu.com\/wp-content\/uploads\/2021\/12\/28758586607_145d91fa06_k-600x900.jpg 600w, https:\/\/fr.17egsc.weconnect.eu.com\/wp-content\/uploads\/2021\/12\/28758586607_145d91fa06_k.jpg 1365w\" sizes=\"auto, (max-width: 200px) 100vw, 200px\" \/>\t\t\t\t\t\t\t\t\t\t\t\t\t\t\t<\/div>\n\t\t\t\t<\/div>\n\t\t\t\t\t<\/div>\n\t\t<\/div>\n\t\t\t\t<div class=\"elementor-column elementor-col-50 elementor-top-column elementor-element elementor-element-13501ea\" data-id=\"13501ea\" data-element_type=\"column\">\n\t\t\t<div class=\"elementor-widget-wrap elementor-element-populated\">\n\t\t\t\t\t\t\t\t<div class=\"elementor-element elementor-element-559eec4 elementor-widget elementor-widget-heading\" data-id=\"559eec4\" data-element_type=\"widget\" data-widget_type=\"heading.default\">\n\t\t\t\t<div class=\"elementor-widget-container\">\n\t\t\t<style>\/*! elementor - v3.6.7 - 03-07-2022 *\/\n.elementor-heading-title{padding:0;margin:0;line-height:1}.elementor-widget-heading .elementor-heading-title[class*=elementor-size-]>a{color:inherit;font-size:inherit;line-height:inherit}.elementor-widget-heading .elementor-heading-title.elementor-size-small{font-size:15px}.elementor-widget-heading .elementor-heading-title.elementor-size-medium{font-size:19px}.elementor-widget-heading .elementor-heading-title.elementor-size-large{font-size:29px}.elementor-widget-heading .elementor-heading-title.elementor-size-xl{font-size:39px}.elementor-widget-heading .elementor-heading-title.elementor-size-xxl{font-size:59px}<\/style><h2 class=\"elementor-heading-title elementor-size-large\">LES CONF\u00c9RENCES<\/h2>\t\t<\/div>\n\t\t\t\t<\/div>\n\t\t\t\t<div class=\"elementor-element elementor-element-0988eeb elementor-widget elementor-widget-text-editor\" data-id=\"0988eeb\" data-element_type=\"widget\" data-widget_type=\"text-editor.default\">\n\t\t\t\t<div class=\"elementor-widget-container\">\n\t\t\t<style>\/*! elementor - v3.6.7 - 03-07-2022 *\/\n.elementor-widget-text-editor.elementor-drop-cap-view-stacked .elementor-drop-cap{background-color:#818a91;color:#fff}.elementor-widget-text-editor.elementor-drop-cap-view-framed .elementor-drop-cap{color:#818a91;border:3px solid;background-color:transparent}.elementor-widget-text-editor:not(.elementor-drop-cap-view-default) .elementor-drop-cap{margin-top:8px}.elementor-widget-text-editor:not(.elementor-drop-cap-view-default) .elementor-drop-cap-letter{width:1em;height:1em}.elementor-widget-text-editor .elementor-drop-cap{float:left;text-align:center;line-height:1;font-size:50px}.elementor-widget-text-editor .elementor-drop-cap-letter{display:inline-block}<\/style>\t\t\t\t<p>Des repr\u00e9sentantes et repr\u00e9sentants des Organisations Scoutes Nationales (OSN) et des Associations Scoutes Nationales (ASN) de la R\u00e9gion Europ\u00e9enne de l&#8217;Organisation Mondiale du Mouvement Scout (OMMS) se r\u00e9uniront pour la <strong>24<sup>\u00e8me<\/sup>Conf\u00e9rence Europ\u00e9enne du Scoutisme <\/strong>(#24esc) \u00e0 la salle de conf\u00e9rence De Doelen, \u00e0 Rotterdam, aux Pays-Bas, du 22 au 27 juillet 2022.<\/p><p>Au m\u00eame moment et au m\u00eame endroit, des repr\u00e9sentantes et repr\u00e9sentants des Organisations Membres (OM) et des Associations Composantes (AC) de la R\u00e9gion Europe de l&#8217;Association Mondiale des Guides et des \u00c9claireuses (AMGE) se r\u00e9uniront pour la <strong>17<sup>\u00e8me<\/sup> Conf\u00e9rence Europ\u00e9enne du Guidisme <\/strong>(#17egc).<\/p><p>Ces deux Conf\u00e9rences font office d&#8217;<strong>Assembl\u00e9es g\u00e9n\u00e9rales<\/strong> des membres des deux R\u00e9gions. Leurs r\u00f4les et leur fonctionnement sont d\u00e9finis par deux constitutions et r\u00e8gles de proc\u00e9dure distinctes. Les participants discutent d&#8217;une s\u00e9rie de questions relatives \u00e0 leur R\u00e9gion et \u00e9lisent les membres b\u00e9n\u00e9voles des deux Comit\u00e9s R\u00e9gionaux respectifs.<\/p><p>En raison des relations fortes et de la coop\u00e9ration entre les deux R\u00e9gions Europ\u00e9ennes de l&#8217;AMGE et de l&#8217;OMMS, tous les d\u00e9l\u00e9gu\u00e9s, d\u00e9l\u00e9gu\u00e9es, observateurs et observatrices se rencontreront lors de s\u00e9ances conjointes pendant la <strong>17\u00e8me Conf\u00e9rence Europ\u00e9enne du Guidisme et du Scoutisme <\/strong>(#17egsc). C&#8217;est lors de cette Conf\u00e9rence conjointe que les questions d&#8217;int\u00e9r\u00eat commun sont discut\u00e9es et que les plans pour les futurs travaux et \u00e9v\u00e9nements conjoints sont \u00e9labor\u00e9s et approuv\u00e9s.\u00a0<\/p>\t\t\t\t\t\t<\/div>\n\t\t\t\t<\/div>\n\t\t\t\t\t<\/div>\n\t\t<\/div>\n\t\t\t\t\t\t\t<\/div>\n\t\t<\/section>\n\t\t\t\t<section class=\"elementor-section elementor-top-section elementor-element elementor-element-25d419c elementor-section-boxed elementor-section-height-default elementor-section-height-default\" data-id=\"25d419c\" data-element_type=\"section\">\n\t\t\t\t\t\t<div class=\"elementor-container elementor-column-gap-default\">\n\t\t\t\t\t<div class=\"elementor-column elementor-col-50 elementor-top-column elementor-element elementor-element-e758940\" data-id=\"e758940\" data-element_type=\"column\">\n\t\t\t<div class=\"elementor-widget-wrap elementor-element-populated\">\n\t\t\t\t\t\t\t\t<div class=\"elementor-element elementor-element-e4c6564 elementor-widget elementor-widget-image\" data-id=\"e4c6564\" data-element_type=\"widget\" data-widget_type=\"image.default\">\n\t\t\t\t<div class=\"elementor-widget-container\">\n\t\t\t\t\t\t\t\t\t\t\t\t\t\t\t<img loading=\"lazy\" decoding=\"async\" width=\"200\" height=\"300\" src=\"https:\/\/fr.17egsc.weconnect.eu.com\/wp-content\/uploads\/2022\/02\/Rotterdam_de_Verwoeste_Stad_IMG_1898_2018-03-18_14.21-200x300.jpg\" class=\"attachment-medium size-medium\" alt=\"\" srcset=\"https:\/\/fr.17egsc.weconnect.eu.com\/wp-content\/uploads\/2022\/02\/Rotterdam_de_Verwoeste_Stad_IMG_1898_2018-03-18_14.21-200x300.jpg 200w, https:\/\/fr.17egsc.weconnect.eu.com\/wp-content\/uploads\/2022\/02\/Rotterdam_de_Verwoeste_Stad_IMG_1898_2018-03-18_14.21-683x1024.jpg 683w, https:\/\/fr.17egsc.weconnect.eu.com\/wp-content\/uploads\/2022\/02\/Rotterdam_de_Verwoeste_Stad_IMG_1898_2018-03-18_14.21-768x1152.jpg 768w, https:\/\/fr.17egsc.weconnect.eu.com\/wp-content\/uploads\/2022\/02\/Rotterdam_de_Verwoeste_Stad_IMG_1898_2018-03-18_14.21-600x900.jpg 600w, https:\/\/fr.17egsc.weconnect.eu.com\/wp-content\/uploads\/2022\/02\/Rotterdam_de_Verwoeste_Stad_IMG_1898_2018-03-18_14.21.jpg 1024w\" sizes=\"auto, (max-width: 200px) 100vw, 200px\" \/>\t\t\t\t\t\t\t\t\t\t\t\t\t\t\t<\/div>\n\t\t\t\t<\/div>\n\t\t\t\t\t<\/div>\n\t\t<\/div>\n\t\t\t\t<div class=\"elementor-column elementor-col-50 elementor-top-column elementor-element elementor-element-bab1f77\" data-id=\"bab1f77\" data-element_type=\"column\">\n\t\t\t<div class=\"elementor-widget-wrap elementor-element-populated\">\n\t\t\t\t\t\t\t\t<div class=\"elementor-element elementor-element-6df9e9b elementor-widget elementor-widget-heading\" data-id=\"6df9e9b\" data-element_type=\"widget\" data-widget_type=\"heading.default\">\n\t\t\t\t<div class=\"elementor-widget-container\">\n\t\t\t<h2 class=\"elementor-heading-title elementor-size-large\">ROTTERDAM<\/h2>\t\t<\/div>\n\t\t\t\t<\/div>\n\t\t\t\t<div class=\"elementor-element elementor-element-8bcc26c elementor-widget elementor-widget-text-editor\" data-id=\"8bcc26c\" data-element_type=\"widget\" data-widget_type=\"text-editor.default\">\n\t\t\t\t<div class=\"elementor-widget-container\">\n\t\t\t\t\t\t\t<p>Rotterdam est un centre logistique et \u00e9conomique majeur puisqu&#8217;il abrite le plus grand port d&#8217;Europe. En 2020, 120 000 navires sont entr\u00e9s dans le port, faisant de Rotterdam le 10<sup>\u00e8me<\/sup> plus grand port du monde. \u00c0 c\u00f4t\u00e9 des navires, il y a aussi beaucoup de gens \u00e0 Rotterdam. Plus de 650 000 personnes de quelque 180 nationalit\u00e9s diff\u00e9rentes vivent \u00e0 Rotterdam. C&#8217;est une ville v\u00e9ritablement internationale.\u00a0<\/p><p>Rotterdam est \u00e9galement connue pour son architecture moderne. L&#8217;architecture de la ville est tr\u00e8s diff\u00e9rente de celle des autres villes des Pays-Bas, car Rotterdam n&#8217;a pas de vieux centre ville, en raison d&#8217;un important bombardement pendant la Seconde Guerre mondiale.<\/p><p>La #17egsc aura lieu dans la Salle de concert De Doelen. De Doelen est une salle de concert depuis 1622. Aujourd&#8217;hui, la salle est toujours utilis\u00e9e pour des concerts de tous genres. De Doelen est situ\u00e9 au c\u0153ur de Rotterdam, \u00e0 proximit\u00e9 d&#8217;attractions telles que De Koopgoot et de Kubuswoningen. La salle est class\u00e9e monument national depuis 2015.\u00a0\u00a0<\/p>\t\t\t\t\t\t<\/div>\n\t\t\t\t<\/div>\n\t\t\t\t\t<\/div>\n\t\t<\/div>\n\t\t\t\t\t\t\t<\/div>\n\t\t<\/section>\n\t\t\t\t<section class=\"elementor-section elementor-top-section elementor-element elementor-element-661eda3 elementor-section-boxed elementor-section-height-default elementor-section-height-default\" data-id=\"661eda3\" data-element_type=\"section\">\n\t\t\t\t\t\t<div class=\"elementor-container elementor-column-gap-default\">\n\t\t\t\t\t<div class=\"elementor-column elementor-col-50 elementor-top-column elementor-element elementor-element-2aaeb6b\" data-id=\"2aaeb6b\" data-element_type=\"column\">\n\t\t\t<div class=\"elementor-widget-wrap elementor-element-populated\">\n\t\t\t\t\t\t\t\t<div class=\"elementor-element elementor-element-e1f5a70 elementor-widget elementor-widget-image\" data-id=\"e1f5a70\" data-element_type=\"widget\" data-widget_type=\"image.default\">\n\t\t\t\t<div class=\"elementor-widget-container\">\n\t\t\t\t\t\t\t\t\t\t\t\t\t\t\t<img loading=\"lazy\" decoding=\"async\" width=\"225\" height=\"300\" src=\"https:\/\/fr.17egsc.weconnect.eu.com\/wp-content\/uploads\/2021\/12\/cube-houses-rotterdam-697112-225x300.jpeg\" class=\"attachment-medium size-medium\" alt=\"\" srcset=\"https:\/\/fr.17egsc.weconnect.eu.com\/wp-content\/uploads\/2021\/12\/cube-houses-rotterdam-697112-225x300.jpeg 225w, https:\/\/fr.17egsc.weconnect.eu.com\/wp-content\/uploads\/2021\/12\/cube-houses-rotterdam-697112-768x1024.jpeg 768w, https:\/\/fr.17egsc.weconnect.eu.com\/wp-content\/uploads\/2021\/12\/cube-houses-rotterdam-697112-600x800.jpeg 600w, https:\/\/fr.17egsc.weconnect.eu.com\/wp-content\/uploads\/2021\/12\/cube-houses-rotterdam-697112.jpeg 1125w\" sizes=\"auto, (max-width: 225px) 100vw, 225px\" \/>\t\t\t\t\t\t\t\t\t\t\t\t\t\t\t<\/div>\n\t\t\t\t<\/div>\n\t\t\t\t\t<\/div>\n\t\t<\/div>\n\t\t\t\t<div class=\"elementor-column elementor-col-50 elementor-top-column elementor-element elementor-element-414163d\" data-id=\"414163d\" data-element_type=\"column\">\n\t\t\t<div class=\"elementor-widget-wrap elementor-element-populated\">\n\t\t\t\t\t\t\t\t<div class=\"elementor-element elementor-element-f6e20ae elementor-widget elementor-widget-heading\" data-id=\"f6e20ae\" data-element_type=\"widget\" data-widget_type=\"heading.default\">\n\t\t\t\t<div class=\"elementor-widget-container\">\n\t\t\t<h2 class=\"elementor-heading-title elementor-size-large\">PROGRAMME SOCIAL<\/h2>\t\t<\/div>\n\t\t\t\t<\/div>\n\t\t\t\t<div class=\"elementor-element elementor-element-47363fa elementor-widget elementor-widget-text-editor\" data-id=\"47363fa\" data-element_type=\"widget\" data-widget_type=\"text-editor.default\">\n\t\t\t\t<div class=\"elementor-widget-container\">\n\t\t\t\t\t\t\t<div><p><span lang=\"fr\">Nous pr\u00e9voyons plusieurs \u00e9v\u00e9nements parall\u00e8les pendant les trois Conf\u00e9rences. Pour les trois \u00e9v\u00e9nements principaux (c\u00e9r\u00e9monie d&#8217;ouverture, soir\u00e9e internationale et soir\u00e9e de cl\u00f4ture), nous vous emm\u00e8nerons dans la ville, \u00e0 la d\u00e9couverte de son histoire mouvement\u00e9e, de ses habitants hauts en couleur et de son ambiance unique. Nous vous emm\u00e8nerons dans des endroits uniques du centre ville. Tout cela \u00e0 distance de marche de la salle de conf\u00e9rence.<\/span><\/p><\/div><div><p><span lang=\"fr\">Que penser d&#8217;une c\u00e9r\u00e9monie d&#8217;ouverture qui se d\u00e9roule dans un symbole de la devise de la ville : plus fort par la lutte. Sint-Laurenskerk, l&#8217;un des rares b\u00e2timents historiques ayant surv\u00e9cu au bombardement tragique du centre ville. Une soir\u00e9e internationale au c\u0153ur de la ville moderne, avec une r\u00e9f\u00e9rence au port autour duquel la ville s&#8217;articule. Et un \u00e9v\u00e9nement de cl\u00f4ture \u00e9tincelant, dans l&#8217;une des bo\u00eetes de nuit de Rotterdam, qui fera de cette soir\u00e9e un souvenir inoubliable pour de nombreuses conf\u00e9rences \u00e0 venir.\u00a0<\/span><\/p><\/div><div><p><span lang=\"fr\">Nous avons d\u00e9j\u00e0 h\u00e2te de vivre cette soir\u00e9e de dimanche : la Nuit de Rotterdam, o\u00f9 vous aurez l&#8217;occasion de d\u00e9couvrir le Scoutisme aux Pays-Bas et \u00e0 Rotterdam ainsi que tout ce que les deux ont \u00e0 offrir !<\/span><\/p><\/div><div><p><span lang=\"fr\">Ce sera une nuit pour les aventuriers, les explorateurs urbains, ceux qui aiment se la couler douce, ceux qui veulent se mouiller et se salir ! Pendant les journ\u00e9es de Conf\u00e9rences, nous vous proposerons \u00e9galement des activit\u00e9s \u00e9nergisantes, des moments de d\u00e9tente, des d\u00e9couvertes amusantes et int\u00e9ressantes sur les Pays-Bas (et son Scoutisme). Donc, on ne s&#8217;ennuie jamais \u00e0 Rotterdam.<\/span><\/p><\/div>\t\t\t\t\t\t<\/div>\n\t\t\t\t<\/div>\n\t\t\t\t\t<\/div>\n\t\t<\/div>\n\t\t\t\t\t\t\t<\/div>\n\t\t<\/section>\n\t\t\t\t<section class=\"elementor-section elementor-top-section elementor-element elementor-element-b888776 elementor-section-boxed elementor-section-height-default elementor-section-height-default\" data-id=\"b888776\" data-element_type=\"section\">\n\t\t\t\t\t\t<div class=\"elementor-container elementor-column-gap-default\">\n\t\t\t\t\t<div class=\"elementor-column elementor-col-100 elementor-top-column elementor-element elementor-element-5a6612c\" data-id=\"5a6612c\" data-element_type=\"column\">\n\t\t\t<div class=\"elementor-widget-wrap\">\n\t\t\t\t\t\t\t\t\t<\/div>\n\t\t<\/div>\n\t\t\t\t\t\t\t<\/div>\n\t\t<\/section>\n\t\t\t\t\t\t\t<\/div>\n\t\t","protected":false},"excerpt":{"rendered":"<p>LES CONF\u00c9RENCES Des repr\u00e9sentantes et repr\u00e9sentants des Organisations Scoutes Nationales (OSN) et des Associations Scoutes Nationales (ASN) de la R\u00e9gion Europ\u00e9enne de l&#8217;Organisation Mondiale du Mouvement Scout (OMMS) se r\u00e9uniront pour la 24\u00e8meConf\u00e9rence Europ\u00e9enne du Scoutisme (#24esc) \u00e0 la salle de conf\u00e9rence De Doelen, \u00e0 Rotterdam, aux Pays-Bas, du 22 au 27 juillet 2022. Au [&hellip;]<\/p>\n","protected":false},"author":1,"featured_media":0,"parent":0,"menu_order":0,"comment_status":"closed","ping_status":"closed","template":"elementor_header_footer","meta":{"om_disable_all_campaigns":false,"_mi_skip_tracking":false,"footnotes":""},"class_list":["post-5605","page","type-page","status-publish","hentry"],"_links":{"self":[{"href":"https:\/\/fr.17egsc.weconnect.eu.com\/index.php\/wp-json\/wp\/v2\/pages\/5605","targetHints":{"allow":["GET"]}}],"collection":[{"href":"https:\/\/fr.17egsc.weconnect.eu.com\/index.php\/wp-json\/wp\/v2\/pages"}],"about":[{"href":"https:\/\/fr.17egsc.weconnect.eu.com\/index.php\/wp-json\/wp\/v2\/types\/page"}],"author":[{"embeddable":true,"href":"https:\/\/fr.17egsc.weconnect.eu.com\/index.php\/wp-json\/wp\/v2\/users\/1"}],"replies":[{"embeddable":true,"href":"https:\/\/fr.17egsc.weconnect.eu.com\/index.php\/wp-json\/wp\/v2\/comments?post=5605"}],"version-history":[{"count":111,"href":"https:\/\/fr.17egsc.weconnect.eu.com\/index.php\/wp-json\/wp\/v2\/pages\/5605\/revisions"}],"predecessor-version":[{"id":7598,"href":"https:\/\/fr.17egsc.weconnect.eu.com\/index.php\/wp-json\/wp\/v2\/pages\/5605\/revisions\/7598"}],"wp:attachment":[{"href":"https:\/\/fr.17egsc.weconnect.eu.com\/index.php\/wp-json\/wp\/v2\/media?parent=5605"}],"curies":[{"name":"wp","href":"https:\/\/api.w.org\/{rel}","templated":true}]}}